{"id":1792,"date":"2026-04-10T19:26:24","date_gmt":"2026-04-10T19:26:24","guid":{"rendered":"https:\/\/araminta-advisers.eu\/projects\/eu-richtlinie-zum-schutz-von-menschenrechtsverteidigerinnen\/"},"modified":"2026-04-23T15:17:38","modified_gmt":"2026-04-23T15:17:38","slug":"eu-richtlinie-zum-schutz-von-menschenrechtsverteidigerinnen","status":"publish","type":"projects","link":"https:\/\/araminta-advisers.eu\/de\/projects\/eu-richtlinie-zum-schutz-von-menschenrechtsverteidigerinnen\/","title":{"rendered":"EU-Richtlinie f\u00fcr Schutz und Mobilit\u00e4t von Menschenrechtler"},"content":{"rendered":"\n<h3 class=\"wp-block-heading\">Sichere Zugangswege f\u00fcr Menschenrechtsverteidiger schaffen, die universelle Menschenrechte verteidigen.<br><\/h3>\n\n\n\n<figure class=\"wp-block-video\"><video height=\"1080\" style=\"aspect-ratio: 1920 \/ 1080;\" width=\"1920\" autoplay controls loop muted src=\"https:\/\/araminta-advisers.eu\/wp-content\/uploads\/2026\/04\/HRD-Directive-on-Mobility.mp4\" playsinline><\/video><\/figure>\n\n\n\n<div class=\"wp-block-columns is-layout-flex wp-container-core-columns-is-layout-9d6595d7 wp-block-columns-is-layout-flex\">\n<div class=\"wp-block-column is-layout-flow wp-block-column-is-layout-flow\">\n<p>Die <a href=\"https:\/\/araminta-advisers.eu\/wp-content\/uploads\/2026\/04\/Draft-EU-Directive-for-Mobility-and-Protection-AL-oop.pdf\">Richtlinie f\u00fcr sichere Zugangswege f\u00fcr Menschenrechtsverteidiger<\/a> ist ein Vorschlag f\u00fcr die Europ\u00e4ische Union, das spezielle Aufenthalts- und Unterst\u00fctzungswege f\u00fcr Menschenrechtsverteidiger aus Nicht-EU-Staaten schaffen soll, die in ihren Herkunftsl\u00e4ndern bedroht werden.<\/p>\n\n\n\n<div class=\"wp-block-columns is-layout-flex wp-container-core-columns-is-layout-9d6595d7 wp-block-columns-is-layout-flex\">\n<div class=\"wp-block-column is-layout-flow wp-block-column-is-layout-flow\">\n<p><strong>Warum wird er gebraucht?<\/strong> <\/p>\n\n\n\n<p>Menschenrechtsverteidiger sehen sich h\u00e4ufig gegen\u00fcber: <\/p>\n\n\n\n<ul class=\"wp-block-list\">\n<li>Bedrohungen, Bel\u00e4stigung und Gewalt <\/li>\n\n\n\n<li>Schwierigkeiten, regul\u00e4re Visa zu erhalten <\/li>\n\n\n\n<li>Verlorene oder fehlende Dokumente<\/li>\n\n\n\n<li>H\u00fcrden beim Zugang zu Bankdienstleistungen und Wohnraum <\/li>\n\n\n\n<li>Finanzielle Notlagen<\/li>\n<\/ul>\n<\/div>\n\n\n\n<div class=\"wp-block-column is-layout-flow wp-block-column-is-layout-flow\">\n<p><strong>Wer ist berechtigt?<\/strong><\/p>\n\n\n\n<p>Zu den Menschenrechtsverteidigern z\u00e4hlen unter anderem: <\/p>\n\n\n\n<ul class=\"wp-block-list\">\n<li>Aktivisten, Journalisten und Anw\u00e4lte<\/li>\n\n\n\n<li>Zivilorganisationen<\/li>\n\n\n\n<li>Umwelt- und Klimasch\u00fctzer<\/li>\n\n\n\n<li>Personen, die Menschenrechtsverletzungen dokumentieren<\/li>\n\n\n\n<li>Alle, die sich friedlich f\u00fcr die Menschenrechte einsetzen<\/li>\n<\/ul>\n<\/div>\n<\/div>\n\n\n\n<hr class=\"wp-block-separator has-alpha-channel-opacity\"\/>\n\n\n\n<div class=\"wp-block-columns is-layout-flex wp-container-core-columns-is-layout-9d6595d7 wp-block-columns-is-layout-flex\">\n<div class=\"wp-block-column is-layout-flow wp-block-column-is-layout-flow\" style=\"flex-basis:26%\">\n<figure class=\"wp-block-image is-style-rounded\"><a href=\"https:\/\/araminta-advisers.eu\/de\/team\/evgeny-shtorn\/\" target=\"_blank\" rel=\" noreferrer noopener\"><img loading=\"lazy\" decoding=\"async\" width=\"1000\" height=\"1000\" src=\"https:\/\/araminta-advisers.eu\/wp-content\/uploads\/2025\/07\/Araminta-Staff-2.jpg\" alt=\"\" class=\"wp-image-628\" srcset=\"https:\/\/araminta-advisers.eu\/wp-content\/uploads\/2025\/07\/Araminta-Staff-2.jpg 1000w, https:\/\/araminta-advisers.eu\/wp-content\/uploads\/2025\/07\/Araminta-Staff-2-150x150.jpg 150w, https:\/\/araminta-advisers.eu\/wp-content\/uploads\/2025\/07\/Araminta-Staff-2-300x300.jpg 300w, https:\/\/araminta-advisers.eu\/wp-content\/uploads\/2025\/07\/Araminta-Staff-2-768x768.jpg 768w, https:\/\/araminta-advisers.eu\/wp-content\/uploads\/2025\/07\/Araminta-Staff-2-360x360.jpg 360w\" sizes=\"auto, (max-width: 1000px) 100vw, 1000px\" \/><\/a><\/figure>\n<\/div>\n\n\n\n<div class=\"wp-block-column is-layout-flow wp-block-column-is-layout-flow\" style=\"flex-basis:74%\">\n<p><strong>LASST SIE SICHER REISEN<\/strong><br><strong>Warum die EU die Mobilit\u00e4t von Menschenrechtsverteidigern priorisieren muss<\/strong><br>W\u00e4hrend autorit\u00e4re Regime weltweit ihren Einfluss ausweiten, werden Menschenrechtsverteidiger zum Schweigen gebracht, inhaftiert oder in den Untergrund gedr\u00e4ngt. Viele von ihnen bleiben jedoch durch b\u00fcrokratische H\u00fcrden der Europ\u00e4ische Union blockiert. <em><a href=\"https:\/\/araminta-advisers.eu\/de\/team\/evgeny-shtorn\/\" target=\"_blank\" rel=\"noreferrer noopener\">Evgeny Shtorn<\/a><\/em> argumentiert, dass ihre Mobilit\u00e4t zu erm\u00f6glichen nicht nur eine humanit\u00e4re Frage ist, sondern eine strategische Notwendigkeit f\u00fcr Europas Sicherheit und globalen Einfluss. <a href=\"https:\/\/araminta-advisers.eu\/de\/menschenrechte-mobil-warum-die-eu-jetzt-handeln-muss\/\" target=\"_blank\" rel=\"noreferrer noopener\">Also, was geschieht, wenn die EU nichts unternimmt?<\/a><\/p>\n<\/div>\n<\/div>\n\n\n\n<hr class=\"wp-block-separator has-alpha-channel-opacity\"\/>\n\n\n\n<div class=\"wp-block-cover\"><img loading=\"lazy\" decoding=\"async\" width=\"1024\" height=\"576\" class=\"wp-block-cover__image-background wp-image-1752\" alt=\"\" src=\"https:\/\/araminta-advisers.eu\/wp-content\/uploads\/2026\/04\/HRD-dirtective-1024x576.png\" data-object-fit=\"cover\" srcset=\"https:\/\/araminta-advisers.eu\/wp-content\/uploads\/2026\/04\/HRD-dirtective-1024x576.png 1024w, https:\/\/araminta-advisers.eu\/wp-content\/uploads\/2026\/04\/HRD-dirtective-300x169.png 300w, https:\/\/araminta-advisers.eu\/wp-content\/uploads\/2026\/04\/HRD-dirtective-768x432.png 768w, https:\/\/araminta-advisers.eu\/wp-content\/uploads\/2026\/04\/HRD-dirtective-1536x864.png 1536w, https:\/\/araminta-advisers.eu\/wp-content\/uploads\/2026\/04\/HRD-dirtective.png 1672w\" sizes=\"auto, (max-width: 1024px) 100vw, 1024px\" \/><span aria-hidden=\"true\" class=\"wp-block-cover__background has-background-dim-20 has-background-dim\"><\/span><div class=\"wp-block-cover__inner-container is-layout-flow wp-block-cover-is-layout-flow\">\n<p class=\"has-text-align-center has-large-font-size\">Wie w\u00fcrde das konkret ablaufen?<\/p>\n<\/div><\/div>\n<\/div>\n<\/div>\n\n\n\n<div class=\"wp-block-columns is-layout-flex wp-container-core-columns-is-layout-9d6595d7 wp-block-columns-is-layout-flex\">\n<div class=\"wp-block-column is-layout-flow wp-block-column-is-layout-flow\">\n<div class=\"wp-block-columns is-layout-flex wp-container-core-columns-is-layout-9d6595d7 wp-block-columns-is-layout-flex\">\n<div class=\"wp-block-column is-layout-flow wp-block-column-is-layout-flow\">\n<details class=\"wp-block-details is-layout-flow wp-block-details-is-layout-flow\"><summary><strong>1. Best\u00e4tigungsschreiben einer vertrauensw\u00fcrdigen Organisation<\/strong><br>(z. B. Vereinte Nationen, Organisation f\u00fcr Sicherheit und Zusammenarbeit in Europa, Europarat, gro\u00dfe NGOs oder Universit\u00e4ten)<\/summary>\n<p><\/p>\n<\/details>\n<\/div>\n\n\n\n<div class=\"wp-block-column is-vertically-aligned-top is-layout-flow wp-block-column-is-layout-flow\">\n<details class=\"wp-block-details is-layout-flow wp-block-details-is-layout-flow\"><summary> <strong>2. Antragstellung<\/strong><br>Beantragung aus einem Drittstaat oder Verl\u00e4ngerung bzw. Legalisierung eines bestehenden Aufenthalts in der Europ\u00e4ische Union<\/summary>\n<p><\/p>\n<\/details>\n<\/div>\n\n\n\n<div class=\"wp-block-column is-layout-flow wp-block-column-is-layout-flow\">\n<details class=\"wp-block-details is-layout-flow wp-block-details-is-layout-flow\"><summary><strong>3. Aufenthaltserlaubnis<\/strong><br>F\u00fcr Arbeit, Studium, Menschenrechtsarbeit, Weiterbildung oder Erholung\/Rehabilitation in der Europ\u00e4ische Union<\/summary>\n<p><\/p>\n<\/details>\n<\/div>\n<\/div>\n\n\n\n<div class=\"wp-block-cover wp-duotone-dark-grayscale\"><img loading=\"lazy\" decoding=\"async\" width=\"1024\" height=\"683\" class=\"wp-block-cover__image-background wp-image-1734\" alt=\"\" src=\"https:\/\/araminta-advisers.eu\/wp-content\/uploads\/2026\/03\/directive-1024x683.png\" data-object-fit=\"cover\" srcset=\"https:\/\/araminta-advisers.eu\/wp-content\/uploads\/2026\/03\/directive-1024x683.png 1024w, https:\/\/araminta-advisers.eu\/wp-content\/uploads\/2026\/03\/directive-300x200.png 300w, https:\/\/araminta-advisers.eu\/wp-content\/uploads\/2026\/03\/directive-768x512.png 768w, https:\/\/araminta-advisers.eu\/wp-content\/uploads\/2026\/03\/directive.png 1536w\" sizes=\"auto, (max-width: 1024px) 100vw, 1024px\" \/><span aria-hidden=\"true\" class=\"wp-block-cover__background has-background-dim\"><\/span><div class=\"wp-block-cover__inner-container is-layout-flow wp-block-cover-is-layout-flow\">\n<p class=\"has-text-align-left has-medium-font-size\"><strong>ZENTRALE UNTERST\u00dcTZUNG <\/strong><\/p>\n\n\n\n<ul class=\"wp-block-list\">\n<li>Unterst\u00fctzung bei der Unterkunft und Bereitstellung von Wohnraum <\/li>\n\n\n\n<li>Zugang zu medizinischer Versorgung, einschlie\u00dflich psychischer Gesundheitsversorgung <\/li>\n\n\n\n<li>Finanzielle Unterst\u00fctzung zur Deckung der Lebenshaltungskosten <\/li>\n\n\n\n<li>Arbeitsr\u00e4ume \u2013 kostenlose oder verg\u00fcnstigte B\u00fcros <\/li>\n\n\n\n<li>Ungehinderter Zugang zu Bankdienstleistungen <\/li>\n\n\n\n<li>Juristische Unterst\u00fctzung bei Bedarf <\/li>\n\n\n\n<li>Vernetzungsm\u00f6glichkeiten mit anderen Menschenrechtsverteidigern <\/li>\n<\/ul>\n\n\n\n<h5 class=\"wp-block-heading has-medium-font-size\"><strong>RECHTE &amp; GLEICHBEHANDLUNG<\/strong><\/h5>\n\n\n\n<ul class=\"wp-block-list\">\n<li>Gleiche Arbeitnehmerrechte wie Staatsangeh\u00f6rige der Europ\u00e4ische Union<\/li>\n\n\n\n<li>Zugang zu Bildung und Weiterbildung <\/li>\n\n\n\n<li>Anerkennung von Qualifikationen (auch ohne vollst\u00e4ndige Unterlagen) <\/li>\n\n\n\n<li>Anspruch auf Sozialleistungen <\/li>\n\n\n\n<li>Recht, Gewerkschaften und Vereinigungen beizutreten <\/li>\n\n\n\n<li>Unterst\u00fctzung bei der Gr\u00fcndung von Nichtregierungsorganisationen (NGOs)<\/li>\n<\/ul>\n<\/div><\/div>\n<\/div>\n<\/div>\n\n\n\n<div class=\"wp-block-columns is-layout-flex wp-container-core-columns-is-layout-9d6595d7 wp-block-columns-is-layout-flex\">\n<div class=\"wp-block-column is-layout-flow wp-block-column-is-layout-flow\">\n<p class=\"has-medium-font-size\"><strong>Familienzusammenf\u00fchrung<\/strong><br>Familien k\u00f6nnen zusammenbleiben: <\/p>\n\n\n\n<ul class=\"wp-block-list\">\n<li>Gemeinsame oder sp\u00e4tere Antragstellung m\u00f6glich <\/li>\n\n\n\n<li>Keine Mindestaufenthaltsdauer erforderlich <\/li>\n\n\n\n<li>Beschleunigte Bearbeitung<\/li>\n\n\n\n<li>Integrationsanforderungen erst nach Erteilung der Aufenthaltserlaubnis<\/li>\n<\/ul>\n<\/div>\n\n\n\n<div class=\"wp-block-column is-layout-flow wp-block-column-is-layout-flow\">\n<p class=\"has-medium-font-size\"><strong>Warum ist das ein neuer Ansatz? <\/strong><br>Mehr Flexibilit\u00e4t: <\/p>\n\n\n\n<ul class=\"wp-block-list\">\n<li>Kein Nachweis erheblicher finanzieller Mittel erforderlich<\/li>\n\n\n\n<li>Fehlende Unterlagen f\u00fchren nicht automatisch zum Ausschluss <\/li>\n\n\n\n<li>Kein formelles Arbeitsplatzangebot erforderlich<\/li>\n<\/ul>\n<\/div>\n<\/div>\n\n\n\n<p class=\"has-text-align-center orange-cta has-medium-font-size\"><strong>Entwurf der <a href=\"https:\/\/araminta-advisers.eu\/wp-content\/uploads\/2026\/04\/Draft-EU-Directive-for-Mobility-and-Protection-AL-oop.pdf\" target=\"_blank\" rel=\"noreferrer noopener\">Direktive<\/a> lesen<\/strong><\/p>\n\n\n\n<div style=\"height:201px\" aria-hidden=\"true\" class=\"wp-block-spacer\"><\/div>\n\n\n\n<p class=\"has-text-align-left\"><strong>Unterst\u00fctzung einer EU-Richtlinie zum Schutz und zur Mobilit\u00e4t von Menschenrechtsverteidigern<\/strong><\/p>\n\n\n\n<p>Menschenrechtsverteidiger in Gefahr ben\u00f6tigen sichere und verl\u00e4ssliche Wege, um nach Europa einzureisen, sich dort aufzuhalten und ihre Arbeit fortzusetzen. Bestehende Schutzmechanismen sind bislang zersplittert und uneinheitlich. Eine neue Richtlinie der Europ\u00e4ische Union w\u00fcrde dazu beitragen, einen koh\u00e4renten Rahmen f\u00fcr Schutz, Mobilit\u00e4t und Teilhabe in der gesamten Europ\u00e4ischen Union zu schaffen.   <\/p>\n\n\n\n<p><strong>Die <a href=\"https:\/\/araminta-advisers.eu\/wp-content\/uploads\/2026\/04\/Statement-of-HRDN_the_final_version_initiated-by-Araminta.pdf\" target=\"_blank\" rel=\"noreferrer noopener\">Erkl\u00e4rung<\/a> lesen<\/strong>!<\/p>\n\n\n\n<p>Dies ist eine gemeinsame Initiative, die von Organisationen und Unterst\u00fctzenden getragen wird, die sich f\u00fcr den Schutz von Menschenrechtsverteidigern einsetzen. Mit einer Unterzeichnung schlie\u00dft sich Ihre Organisation einem breiteren Aufruf f\u00fcr entschlossenes Handeln der Europ\u00e4ische Union an. <\/p>\n\n\n\n<p class=\"has-luminous-vivid-orange-color has-text-color has-link-color wp-elements-71651ebaac89d764b73b86aca121d233\"><strong>Unterst\u00fctzen Sie die Erkl\u00e4rung mit Ihrer Unterschrift:<\/strong><\/p>\n\n\n<div class='fluentform ff-default fluentform_wrapper_7 ffs_default_wrap'><form data-form_id=\"7\" id=\"fluentform_7\" class=\"frm-fluent-form fluent_form_7 ff-el-form-top ff_form_instance_7_1 ff-form-loading ffs_default\" data-form_instance=\"ff_form_instance_7_1\" method=\"POST\" ><fieldset  style=\"border: none!important;margin: 0!important;padding: 0!important;background-color: transparent!important;box-shadow: none!important;outline: none!important; min-inline-size: 100%;\">\n                    <legend class=\"ff_screen_reader_title\" style=\"display: block; margin: 0!important;padding: 0!important;height: 0!important;text-indent: -999999px;width: 0!important;overflow:hidden;\">Polling Form (#6) (#7)<\/legend><input type='hidden' name='__fluent_form_embded_post_id' value='1792' \/><input type=\"hidden\" id=\"_fluentform_7_fluentformnonce\" name=\"_fluentform_7_fluentformnonce\" value=\"66534ce86f\" \/><input type=\"hidden\" name=\"_wp_http_referer\" value=\"\/de\/wp-json\/wp\/v2\/projects\/1792\" \/><div class='ff-el-group'><div class=\"ff-el-input--label ff-el-is-required asterisk-right\"><label for='ff_7_description_1' id='label_ff_7_description_1' aria-label=\"Organisation\">Organisation<\/label><\/div><div class='ff-el-input--content'><textarea aria-required=\"true\" aria-labelledby=\"label_ff_7_description_1\" name=\"description_1\" id=\"ff_7_description_1\" class=\"ff-el-form-control\" rows=\"1\" cols=\"1\" data-name=\"description_1\" ><\/textarea><\/div><\/div><div class='ff-el-group'><div class=\"ff-el-input--label ff-el-is-required asterisk-right\"><label for='ff_7_email' id='label_ff_7_email' aria-label=\"Email\">Email<\/label><\/div><div class='ff-el-input--content'><input type=\"email\" name=\"email\" id=\"ff_7_email\" class=\"ff-el-form-control\" data-name=\"email\"  aria-invalid=\"false\" aria-required=true><\/div><\/div><div class='ff-el-group'><div class=\"ff-el-input--label ff-el-is-required asterisk-right\"><label   aria-label=\"Genehmigung\">Genehmigung<\/label><\/div><div class='ff-el-input--content'><div class='ff-el-form-check ff-el-form-check-'><label class='ff-el-form-check-label' for='checkbox_955096438d403595992db4bbb4f3f695'><input  type=\"checkbox\" name=\"checkbox[]\" data-name=\"checkbox\" class=\"ff-el-form-check-input ff-el-form-check-checkbox\" value=\"Ich best\u00e4tige, dass ich berechtigt bin, im Namen dieser Organisation zu unterzeichnen.\"  id='checkbox_955096438d403595992db4bbb4f3f695' aria-label='Ich best\u00e4tige, dass ich berechtigt bin, im Namen dieser Organisation zu unterzeichnen.' aria-invalid='false' aria-required=true> <span>Ich best\u00e4tige, dass ich berechtigt bin, im Namen dieser Organisation zu unterzeichnen.<\/span><\/label><\/div><\/div><\/div><div class='ff-el-group'><div class=\"ff-el-input--label asterisk-right\"><label   aria-label=\"Kontakt\">Kontakt<\/label><\/div><div class='ff-el-input--content'><div class='ff-el-form-check ff-el-form-check-'><label class='ff-el-form-check-label' for='checkbox_1_6f02cc659de19b444422f1af17bada19'><input  type=\"checkbox\" name=\"checkbox_1[]\" data-name=\"checkbox_1\" class=\"ff-el-form-check-input ff-el-form-check-checkbox\" value=\"Ich m\u00f6chte Ihrer E-Mail-Liste beitreten und Updates von Araminta erhalten.\"  id='checkbox_1_6f02cc659de19b444422f1af17bada19' aria-label='Ich m\u00f6chte Ihrer E-Mail-Liste beitreten und Updates von Araminta erhalten.' aria-invalid='false' aria-required=false> <span>Ich m\u00f6chte Ihrer E-Mail-Liste beitreten und Updates von Araminta erhalten.<\/span><\/label><\/div><div class='ff-el-form-check ff-el-form-check-'><label class='ff-el-form-check-label' for='checkbox_1_6ae67898fd9f401366ff3255ad1ee83f'><input  type=\"checkbox\" name=\"checkbox_1[]\" data-name=\"checkbox_1\" class=\"ff-el-form-check-input ff-el-form-check-checkbox\" value=\"Ich m\u00f6chte direkt von Araminta kontaktiert werden.\"  id='checkbox_1_6ae67898fd9f401366ff3255ad1ee83f' aria-label='Ich m\u00f6chte direkt von Araminta kontaktiert werden.' aria-invalid='false' aria-required=false> <span>Ich m\u00f6chte direkt von Araminta kontaktiert werden.<\/span><\/label><\/div><\/div><\/div><div class='ff-el-group'><div class=\"ff-el-input--label asterisk-right\"><label for='ff_7_description' id='label_ff_7_description' aria-label=\"Kommentar (optional)\">Kommentar (optional)<\/label><\/div><div class='ff-el-input--content'><textarea aria-required=\"false\" aria-labelledby=\"label_ff_7_description\" name=\"description\" id=\"ff_7_description\" class=\"ff-el-form-control\" rows=\"4\" cols=\"2\" data-name=\"description\" ><\/textarea><\/div><\/div><div data-type=\"name-element\" data-name=\"names_2\" class=\" ff-field_container ff-name-field-wrapper\" ><div class='ff-t-container'><div class='ff-t-cell '><div class='ff-el-group ff-el-form-top'><div class=\"ff-el-input--label asterisk-right\"><label for='ff_7_names_2_first_name_' id='label_ff_7_names_2_first_name_' >Vorname<\/label><\/div><div class='ff-el-input--content'><input type=\"text\" name=\"names_2[first_name]\" id=\"ff_7_names_2_first_name_\" class=\"ff-el-form-control\" placeholder=\"Geben Sie Ihren Vornamen ein\" aria-invalid=\"false\" aria-required=false><\/div><\/div><\/div><div class='ff-t-cell '><div class='ff-el-group ff-el-form-top'><div class=\"ff-el-input--label asterisk-right\"><label for='ff_7_names_2_last_name_' id='label_ff_7_names_2_last_name_' >Familienname<\/label><\/div><div class='ff-el-input--content'><input type=\"text\" name=\"names_2[last_name]\" id=\"ff_7_names_2_last_name_\" class=\"ff-el-form-control\" placeholder=\"Geben Sie Ihren Familiennamen ein\" aria-invalid=\"false\" aria-required=false><\/div><\/div><\/div><\/div><\/div><div class='ff-el-group ff-text-left ff_submit_btn_wrapper'><button type=\"submit\" class=\"ff-btn ff-btn-submit ff-btn-md ff_btn_style wpf_has_custom_css\"  aria-label=\"Abschicken\">Abschicken<\/button><\/div><\/fieldset><\/form><div id='fluentform_7_errors' class='ff-errors-in-stack ff_form_instance_7_1 ff-form-loading_errors ff_form_instance_7_1_errors'><\/div><\/div>            <script type=\"text\/javascript\">\n                window.fluent_form_ff_form_instance_7_1 = {\"id\":\"7\",\"ajaxUrl\":\"https:\\\/\\\/araminta-advisers.eu\\\/wp-admin\\\/admin-ajax.php\",\"settings\":{\"layout\":{\"labelPlacement\":\"top\",\"asteriskPlacement\":\"asterisk-right\",\"helpMessagePlacement\":\"with_label\",\"errorMessagePlacement\":\"inline\",\"cssClassName\":\"\"},\"restrictions\":{\"denyEmptySubmission\":{\"enabled\":false}}},\"form_instance\":\"ff_form_instance_7_1\",\"form_id_selector\":\"fluentform_7\",\"rules\":{\"description_1\":{\"required\":{\"value\":true,\"message\":\"Dieses Feld ist erforderlich\",\"global_message\":\"Dieses Feld ist erforderlich\",\"global\":true}},\"email\":{\"required\":{\"value\":true,\"message\":\"Dieses Feld ist erforderlich\",\"global\":true,\"global_message\":\"Dieses Feld ist erforderlich\"},\"email\":{\"value\":true,\"message\":\"Dieses Feld muss eine g\\u00fcltige E-Mail-Adresse enthalten\",\"global\":true,\"global_message\":\"Dieses Feld muss eine g\\u00fcltige E-Mail-Adresse enthalten\"}},\"checkbox\":{\"required\":{\"value\":true,\"message\":\"Dieses Feld ist erforderlich\",\"global\":true,\"global_message\":\"Dieses Feld ist erforderlich\"}},\"checkbox_1\":{\"required\":{\"value\":false,\"message\":\"Dieses Feld ist erforderlich\",\"global_message\":\"Dieses Feld ist erforderlich\",\"global\":true}},\"description\":{\"required\":{\"value\":false,\"message\":\"Dieses Feld ist erforderlich\",\"global\":true,\"global_message\":\"Dieses Feld ist erforderlich\"}},\"names_2[first_name]\":{\"required\":{\"value\":false,\"message\":\"Dieses Feld ist erforderlich\",\"global_message\":\"Dieses Feld ist erforderlich\",\"global\":true}},\"names_2[middle_name]\":{\"required\":{\"value\":false,\"message\":\"Dieses Feld ist erforderlich\",\"global_message\":\"Dieses Feld ist erforderlich\",\"global\":true}},\"names_2[last_name]\":{\"required\":{\"value\":false,\"message\":\"Dieses Feld ist erforderlich\",\"global_message\":\"Dieses Feld ist erforderlich\",\"global\":true}}},\"debounce_time\":300,\"conditionals\":{\"names_2\":{\"type\":\"all\",\"status\":true,\"conditions\":[{\"field\":\"\",\"value\":\"\",\"operator\":\"\"},{\"field\":\"\",\"value\":\"\",\"operator\":\"\"},{\"field\":\"\",\"value\":\"\",\"operator\":\"\"}],\"condition_groups\":[{\"rules\":[{\"field\":\"\",\"value\":\"\",\"operator\":\"\"}],\"title\":\"\",\"isEditingTitle\":false,\"isPreviewOpen\":false,\"isGroupOpen\":true}]}}};\n                            <\/script>\n            \n\n\n\n<p><\/p>\n","protected":false},"featured_media":1791,"template":"","region":[],"focus":[],"class_list":["post-1792","projects","type-projects","status-publish","has-post-thumbnail","hentry"],"acf":[],"yoast_head":"<!-- This site is optimized with the Yoast SEO plugin v27.5 - https:\/\/yoast.com\/product\/yoast-seo-wordpress\/ -->\n<title>EU-Richtlinie f\u00fcr Schutz und Mobilit\u00e4t von Menschenrechtler - Araminta<\/title>\n<meta name=\"robots\" content=\"index, follow, max-snippet:-1, max-image-preview:large, max-video-preview:-1\" \/>\n<link rel=\"canonical\" href=\"https:\/\/araminta-advisers.eu\/de\/projects\/eu-richtlinie-zum-schutz-von-menschenrechtsverteidigerinnen\/\" \/>\n<meta property=\"og:locale\" content=\"de_DE\" \/>\n<meta property=\"og:type\" content=\"article\" \/>\n<meta property=\"og:title\" content=\"EU-Richtlinie f\u00fcr Schutz und Mobilit\u00e4t von Menschenrechtler - Araminta\" \/>\n<meta property=\"og:description\" content=\"Sichere Zugangswege f\u00fcr Menschenrechtsverteidiger schaffen, die universelle Menschenrechte verteidigen. Die Richtlinie f\u00fcr sichere Zugangswege f\u00fcr Menschenrechtsverteidiger ist ein Vorschlag f\u00fcr...\" \/>\n<meta property=\"og:url\" content=\"https:\/\/araminta-advisers.eu\/de\/projects\/eu-richtlinie-zum-schutz-von-menschenrechtsverteidigerinnen\/\" \/>\n<meta property=\"og:site_name\" content=\"Araminta\" \/>\n<meta property=\"article:modified_time\" content=\"2026-04-23T15:17:38+00:00\" \/>\n<meta property=\"og:image\" content=\"https:\/\/araminta-advisers.eu\/wp-content\/uploads\/2026\/03\/chain-net-scaled.jpg\" \/>\n\t<meta property=\"og:image:width\" content=\"2560\" \/>\n\t<meta property=\"og:image:height\" content=\"1168\" \/>\n\t<meta property=\"og:image:type\" content=\"image\/jpeg\" \/>\n<meta name=\"twitter:card\" content=\"summary_large_image\" \/>\n<meta name=\"twitter:label1\" content=\"Gesch\u00e4tzte Lesezeit\" \/>\n\t<meta name=\"twitter:data1\" content=\"4\u00a0Minuten\" \/>\n<script type=\"application\/ld+json\" class=\"yoast-schema-graph\">{\"@context\":\"https:\\\/\\\/schema.org\",\"@graph\":[{\"@type\":\"WebPage\",\"@id\":\"https:\\\/\\\/araminta-advisers.eu\\\/de\\\/projects\\\/eu-richtlinie-zum-schutz-von-menschenrechtsverteidigerinnen\\\/\",\"url\":\"https:\\\/\\\/araminta-advisers.eu\\\/de\\\/projects\\\/eu-richtlinie-zum-schutz-von-menschenrechtsverteidigerinnen\\\/\",\"name\":\"EU-Richtlinie f\u00fcr Schutz und Mobilit\u00e4t von Menschenrechtler - Araminta\",\"isPartOf\":{\"@id\":\"https:\\\/\\\/araminta-advisers.eu\\\/de\\\/#website\"},\"primaryImageOfPage\":{\"@id\":\"https:\\\/\\\/araminta-advisers.eu\\\/de\\\/projects\\\/eu-richtlinie-zum-schutz-von-menschenrechtsverteidigerinnen\\\/#primaryimage\"},\"image\":{\"@id\":\"https:\\\/\\\/araminta-advisers.eu\\\/de\\\/projects\\\/eu-richtlinie-zum-schutz-von-menschenrechtsverteidigerinnen\\\/#primaryimage\"},\"thumbnailUrl\":\"https:\\\/\\\/araminta-advisers.eu\\\/wp-content\\\/uploads\\\/2026\\\/03\\\/chain-net-scaled.jpg\",\"datePublished\":\"2026-04-10T19:26:24+00:00\",\"dateModified\":\"2026-04-23T15:17:38+00:00\",\"breadcrumb\":{\"@id\":\"https:\\\/\\\/araminta-advisers.eu\\\/de\\\/projects\\\/eu-richtlinie-zum-schutz-von-menschenrechtsverteidigerinnen\\\/#breadcrumb\"},\"inLanguage\":\"de\",\"potentialAction\":[{\"@type\":\"ReadAction\",\"target\":[\"https:\\\/\\\/araminta-advisers.eu\\\/de\\\/projects\\\/eu-richtlinie-zum-schutz-von-menschenrechtsverteidigerinnen\\\/\"]}]},{\"@type\":\"ImageObject\",\"inLanguage\":\"de\",\"@id\":\"https:\\\/\\\/araminta-advisers.eu\\\/de\\\/projects\\\/eu-richtlinie-zum-schutz-von-menschenrechtsverteidigerinnen\\\/#primaryimage\",\"url\":\"https:\\\/\\\/araminta-advisers.eu\\\/wp-content\\\/uploads\\\/2026\\\/03\\\/chain-net-scaled.jpg\",\"contentUrl\":\"https:\\\/\\\/araminta-advisers.eu\\\/wp-content\\\/uploads\\\/2026\\\/03\\\/chain-net-scaled.jpg\",\"width\":2560,\"height\":1168},{\"@type\":\"BreadcrumbList\",\"@id\":\"https:\\\/\\\/araminta-advisers.eu\\\/de\\\/projects\\\/eu-richtlinie-zum-schutz-von-menschenrechtsverteidigerinnen\\\/#breadcrumb\",\"itemListElement\":[{\"@type\":\"ListItem\",\"position\":1,\"name\":\"Home\",\"item\":\"https:\\\/\\\/araminta-advisers.eu\\\/de\\\/\"},{\"@type\":\"ListItem\",\"position\":2,\"name\":\"EU-Richtlinie f\u00fcr Schutz und Mobilit\u00e4t von Menschenrechtler\"}]},{\"@type\":\"WebSite\",\"@id\":\"https:\\\/\\\/araminta-advisers.eu\\\/de\\\/#website\",\"url\":\"https:\\\/\\\/araminta-advisers.eu\\\/de\\\/\",\"name\":\"Araminta\",\"description\":\"\",\"publisher\":{\"@id\":\"https:\\\/\\\/araminta-advisers.eu\\\/de\\\/#organization\"},\"potentialAction\":[{\"@type\":\"SearchAction\",\"target\":{\"@type\":\"EntryPoint\",\"urlTemplate\":\"https:\\\/\\\/araminta-advisers.eu\\\/de\\\/?s={search_term_string}\"},\"query-input\":{\"@type\":\"PropertyValueSpecification\",\"valueRequired\":true,\"valueName\":\"search_term_string\"}}],\"inLanguage\":\"de\"},{\"@type\":\"Organization\",\"@id\":\"https:\\\/\\\/araminta-advisers.eu\\\/de\\\/#organization\",\"name\":\"Araminta\",\"url\":\"https:\\\/\\\/araminta-advisers.eu\\\/de\\\/\",\"logo\":{\"@type\":\"ImageObject\",\"inLanguage\":\"de\",\"@id\":\"https:\\\/\\\/araminta-advisers.eu\\\/de\\\/#\\\/schema\\\/logo\\\/image\\\/\",\"url\":\"https:\\\/\\\/araminta-advisers.eu\\\/wp-content\\\/uploads\\\/2025\\\/04\\\/araminta-logo-green.png\",\"contentUrl\":\"https:\\\/\\\/araminta-advisers.eu\\\/wp-content\\\/uploads\\\/2025\\\/04\\\/araminta-logo-green.png\",\"width\":1171,\"height\":283,\"caption\":\"Araminta\"},\"image\":{\"@id\":\"https:\\\/\\\/araminta-advisers.eu\\\/de\\\/#\\\/schema\\\/logo\\\/image\\\/\"}}]}<\/script>\n<!-- \/ Yoast SEO plugin. -->","yoast_head_json":{"title":"EU-Richtlinie f\u00fcr Schutz und Mobilit\u00e4t von Menschenrechtler - Araminta","robots":{"index":"index","follow":"follow","max-snippet":"max-snippet:-1","max-image-preview":"max-image-preview:large","max-video-preview":"max-video-preview:-1"},"canonical":"https:\/\/araminta-advisers.eu\/de\/projects\/eu-richtlinie-zum-schutz-von-menschenrechtsverteidigerinnen\/","og_locale":"de_DE","og_type":"article","og_title":"EU-Richtlinie f\u00fcr Schutz und Mobilit\u00e4t von Menschenrechtler - Araminta","og_description":"Sichere Zugangswege f\u00fcr Menschenrechtsverteidiger schaffen, die universelle Menschenrechte verteidigen. Die Richtlinie f\u00fcr sichere Zugangswege f\u00fcr Menschenrechtsverteidiger ist ein Vorschlag f\u00fcr...","og_url":"https:\/\/araminta-advisers.eu\/de\/projects\/eu-richtlinie-zum-schutz-von-menschenrechtsverteidigerinnen\/","og_site_name":"Araminta","article_modified_time":"2026-04-23T15:17:38+00:00","og_image":[{"width":2560,"height":1168,"url":"https:\/\/araminta-advisers.eu\/wp-content\/uploads\/2026\/03\/chain-net-scaled.jpg","type":"image\/jpeg"}],"twitter_card":"summary_large_image","twitter_misc":{"Gesch\u00e4tzte Lesezeit":"4\u00a0Minuten"},"schema":{"@context":"https:\/\/schema.org","@graph":[{"@type":"WebPage","@id":"https:\/\/araminta-advisers.eu\/de\/projects\/eu-richtlinie-zum-schutz-von-menschenrechtsverteidigerinnen\/","url":"https:\/\/araminta-advisers.eu\/de\/projects\/eu-richtlinie-zum-schutz-von-menschenrechtsverteidigerinnen\/","name":"EU-Richtlinie f\u00fcr Schutz und Mobilit\u00e4t von Menschenrechtler - Araminta","isPartOf":{"@id":"https:\/\/araminta-advisers.eu\/de\/#website"},"primaryImageOfPage":{"@id":"https:\/\/araminta-advisers.eu\/de\/projects\/eu-richtlinie-zum-schutz-von-menschenrechtsverteidigerinnen\/#primaryimage"},"image":{"@id":"https:\/\/araminta-advisers.eu\/de\/projects\/eu-richtlinie-zum-schutz-von-menschenrechtsverteidigerinnen\/#primaryimage"},"thumbnailUrl":"https:\/\/araminta-advisers.eu\/wp-content\/uploads\/2026\/03\/chain-net-scaled.jpg","datePublished":"2026-04-10T19:26:24+00:00","dateModified":"2026-04-23T15:17:38+00:00","breadcrumb":{"@id":"https:\/\/araminta-advisers.eu\/de\/projects\/eu-richtlinie-zum-schutz-von-menschenrechtsverteidigerinnen\/#breadcrumb"},"inLanguage":"de","potentialAction":[{"@type":"ReadAction","target":["https:\/\/araminta-advisers.eu\/de\/projects\/eu-richtlinie-zum-schutz-von-menschenrechtsverteidigerinnen\/"]}]},{"@type":"ImageObject","inLanguage":"de","@id":"https:\/\/araminta-advisers.eu\/de\/projects\/eu-richtlinie-zum-schutz-von-menschenrechtsverteidigerinnen\/#primaryimage","url":"https:\/\/araminta-advisers.eu\/wp-content\/uploads\/2026\/03\/chain-net-scaled.jpg","contentUrl":"https:\/\/araminta-advisers.eu\/wp-content\/uploads\/2026\/03\/chain-net-scaled.jpg","width":2560,"height":1168},{"@type":"BreadcrumbList","@id":"https:\/\/araminta-advisers.eu\/de\/projects\/eu-richtlinie-zum-schutz-von-menschenrechtsverteidigerinnen\/#breadcrumb","itemListElement":[{"@type":"ListItem","position":1,"name":"Home","item":"https:\/\/araminta-advisers.eu\/de\/"},{"@type":"ListItem","position":2,"name":"EU-Richtlinie f\u00fcr Schutz und Mobilit\u00e4t von Menschenrechtler"}]},{"@type":"WebSite","@id":"https:\/\/araminta-advisers.eu\/de\/#website","url":"https:\/\/araminta-advisers.eu\/de\/","name":"Araminta","description":"","publisher":{"@id":"https:\/\/araminta-advisers.eu\/de\/#organization"},"potentialAction":[{"@type":"SearchAction","target":{"@type":"EntryPoint","urlTemplate":"https:\/\/araminta-advisers.eu\/de\/?s={search_term_string}"},"query-input":{"@type":"PropertyValueSpecification","valueRequired":true,"valueName":"search_term_string"}}],"inLanguage":"de"},{"@type":"Organization","@id":"https:\/\/araminta-advisers.eu\/de\/#organization","name":"Araminta","url":"https:\/\/araminta-advisers.eu\/de\/","logo":{"@type":"ImageObject","inLanguage":"de","@id":"https:\/\/araminta-advisers.eu\/de\/#\/schema\/logo\/image\/","url":"https:\/\/araminta-advisers.eu\/wp-content\/uploads\/2025\/04\/araminta-logo-green.png","contentUrl":"https:\/\/araminta-advisers.eu\/wp-content\/uploads\/2025\/04\/araminta-logo-green.png","width":1171,"height":283,"caption":"Araminta"},"image":{"@id":"https:\/\/araminta-advisers.eu\/de\/#\/schema\/logo\/image\/"}}]}},"_links":{"self":[{"href":"https:\/\/araminta-advisers.eu\/de\/wp-json\/wp\/v2\/projects\/1792","targetHints":{"allow":["GET"]}}],"collection":[{"href":"https:\/\/araminta-advisers.eu\/de\/wp-json\/wp\/v2\/projects"}],"about":[{"href":"https:\/\/araminta-advisers.eu\/de\/wp-json\/wp\/v2\/types\/projects"}],"wp:featuredmedia":[{"embeddable":true,"href":"https:\/\/araminta-advisers.eu\/de\/wp-json\/wp\/v2\/media\/1791"}],"wp:attachment":[{"href":"https:\/\/araminta-advisers.eu\/de\/wp-json\/wp\/v2\/media?parent=1792"}],"wp:term":[{"taxonomy":"region","embeddable":true,"href":"https:\/\/araminta-advisers.eu\/de\/wp-json\/wp\/v2\/region?post=1792"},{"taxonomy":"focus","embeddable":true,"href":"https:\/\/araminta-advisers.eu\/de\/wp-json\/wp\/v2\/focus?post=1792"}],"curies":[{"name":"wp","href":"https:\/\/api.w.org\/{rel}","templated":true}]}}